{"id":567,"date":"2021-01-16T11:21:04","date_gmt":"2021-01-16T10:21:04","guid":{"rendered":"https:\/\/www.groove-corporation.de\/?page_id=567"},"modified":"2025-03-07T15:59:11","modified_gmt":"2025-03-07T14:59:11","slug":"ueber-uns","status":"publish","type":"page","link":"https:\/\/www.groove-corporation.de\/de\/ueber-uns\/","title":{"rendered":"\u00dcber uns"},"content":{"rendered":"\t\t<div data-elementor-type=\"wp-page\" data-elementor-id=\"567\" class=\"elementor elementor-567\" data-elementor-post-type=\"page\">\n\t\t\t\t\t\t<section class=\"elementor-section elementor-top-section elementor-element elementor-element-632d718 elementor-section-boxed elementor-section-height-default elementor-section-height-default\" data-id=\"632d718\" data-element_type=\"section\" data-e-type=\"section\">\n\t\t\t\t\t\t<div class=\"elementor-container elementor-column-gap-default\">\n\t\t\t\t\t<div class=\"elementor-column elementor-col-100 elementor-top-column elementor-element elementor-element-8c2762a\" data-id=\"8c2762a\" data-element_type=\"column\" data-e-type=\"column\">\n\t\t\t<div class=\"elementor-widget-wrap elementor-element-populated\">\n\t\t\t\t\t\t<div class=\"elementor-element elementor-element-563705d elementor-widget elementor-widget-heading\" data-id=\"563705d\" data-element_type=\"widget\" data-e-type=\"widget\" data-widget_type=\"heading.default\">\n\t\t\t\t<div class=\"elementor-widget-container\">\n\t\t\t\t\t<h2 class=\"elementor-heading-title elementor-size-default\">Groove Corporation<\/h2>\t\t\t\t<\/div>\n\t\t\t\t<\/div>\n\t\t\t\t<div class=\"elementor-element elementor-element-15e909f elementor-widget elementor-widget-text-editor\" data-id=\"15e909f\" data-element_type=\"widget\" data-e-type=\"widget\" data-widget_type=\"text-editor.default\">\n\t\t\t\t<div class=\"elementor-widget-container\">\n\t\t\t\t\t\t\t\t\t<p>Alles begann im Fr\u00fchjahr 2020 kurz nach dem Lockdown in Mallorca. Der deutsche Gitarrist und Musik-Produzent Prof. Dr. Udo Amend verlegte seine vielf\u00e4ltigen musikalischen T\u00e4tigkeiten von Deutschland nach Mallorca.<\/p><p>Anfang Januar 2021 wurde schlie\u00dflich das neue Tonstudio von Udo Amend fertiggestellt. Das Tonstudio verf\u00fcgt \u00fcber die modernste Technologie der Tontechnik. Es befindet sich in einem akustisch aufwendig optimierten Geb\u00e4ude, eingebettet in sein Anwesen in Santa Maria del Cami ca. 20 min entfernt von Palma.<\/p><p>Ab Mitte Januar 2021 begann die Kompositionst\u00e4tigkeit unter seiner Leitung als Produzent und Musiker.<\/p>\t\t\t\t\t\t\t\t<\/div>\n\t\t\t\t<\/div>\n\t\t\t\t\t<\/div>\n\t\t<\/div>\n\t\t\t\t\t<\/div>\n\t\t<\/section>\n\t\t\t\t<section class=\"elementor-section elementor-top-section elementor-element elementor-element-069a374 elementor-reverse-tablet elementor-reverse-mobile elementor-section-boxed elementor-section-height-default elementor-section-height-default\" data-id=\"069a374\" data-element_type=\"section\" data-e-type=\"section\">\n\t\t\t\t\t\t<div class=\"elementor-container elementor-column-gap-default\">\n\t\t\t\t\t<div class=\"elementor-column elementor-col-50 elementor-top-column elementor-element elementor-element-f22668d\" data-id=\"f22668d\" data-element_type=\"column\" data-e-type=\"column\" data-settings=\"{&quot;background_background&quot;:&quot;classic&quot;}\">\n\t\t\t<div class=\"elementor-widget-wrap elementor-element-populated\">\n\t\t\t\t\t\t<div class=\"elementor-element elementor-element-e6b2397 elementor-widget elementor-widget-image\" data-id=\"e6b2397\" data-element_type=\"widget\" data-e-type=\"widget\" data-widget_type=\"image.default\">\n\t\t\t\t<div class=\"elementor-widget-container\">\n\t\t\t\t\t\t\t\t\t\t\t\t\t\t\t<img fetchpriority=\"high\" decoding=\"async\" width=\"800\" height=\"1000\" src=\"https:\/\/www.groove-corporation.de\/wp-content\/uploads\/2021\/01\/Udo-Amend-8-864x1080.jpg\" class=\"attachment-large size-large wp-image-796\" alt=\"Bandleader Udo Amend\" srcset=\"https:\/\/www.groove-corporation.de\/wp-content\/uploads\/2021\/01\/Udo-Amend-8-864x1080.jpg 864w, https:\/\/www.groove-corporation.de\/wp-content\/uploads\/2021\/01\/Udo-Amend-8-240x300.jpg 240w, https:\/\/www.groove-corporation.de\/wp-content\/uploads\/2021\/01\/Udo-Amend-8-768x960.jpg 768w, https:\/\/www.groove-corporation.de\/wp-content\/uploads\/2021\/01\/Udo-Amend-8-1229x1536.jpg 1229w, https:\/\/www.groove-corporation.de\/wp-content\/uploads\/2021\/01\/Udo-Amend-8-1638x2048.jpg 1638w, https:\/\/www.groove-corporation.de\/wp-content\/uploads\/2021\/01\/Udo-Amend-8.jpg 1920w\" sizes=\"(max-width: 800px) 100vw, 800px\" \/>\t\t\t\t\t\t\t\t\t\t\t\t\t\t\t<\/div>\n\t\t\t\t<\/div>\n\t\t\t\t\t<\/div>\n\t\t<\/div>\n\t\t\t\t<div class=\"elementor-column elementor-col-50 elementor-top-column elementor-element elementor-element-aab0b6b\" data-id=\"aab0b6b\" data-element_type=\"column\" data-e-type=\"column\">\n\t\t\t<div class=\"elementor-widget-wrap elementor-element-populated\">\n\t\t\t\t\t\t<div class=\"elementor-element elementor-element-f2aa582 elementor-widget elementor-widget-heading\" data-id=\"f2aa582\" data-element_type=\"widget\" data-e-type=\"widget\" data-widget_type=\"heading.default\">\n\t\t\t\t<div class=\"elementor-widget-container\">\n\t\t\t\t\t<h2 class=\"elementor-heading-title elementor-size-default\">Prof. Dr. Udo Amend<\/h2>\t\t\t\t<\/div>\n\t\t\t\t<\/div>\n\t\t\t\t<div class=\"elementor-element elementor-element-dd0e3ca elementor-widget elementor-widget-text-editor\" data-id=\"dd0e3ca\" data-element_type=\"widget\" data-e-type=\"widget\" data-widget_type=\"text-editor.default\">\n\t\t\t\t<div class=\"elementor-widget-container\">\n\t\t\t\t\t\t\t\t\t<p>Im Alter von 15 Jahren erstmals in einem Jazzclub als Gitarrist einer Funk-Jazz-Band auf der B\u00fchne, dieses Gef\u00fchl sollte ihn nie mehr loslassen.<\/p><p>In den folgenden Jahren von Schule und Ausbildung war Live Musik immer die wichtigste Freizeitbesch\u00e4ftigung.<\/p><p>Im Alter von 19 Jahren begann Udo Amend ein Studium in Irland und spielte in den folgenden Jahren mit teilweise sehr bekannten irischen Folkbands.\u00a0Sein beruflicher Weg f\u00fchrte ihn dann nach Abschluss seines Studiums im Alter von 26 Jahren in die USA (Chicago), hier spielte er mit unz\u00e4hligen Rock &amp; Blues Bands in der Region.<\/p><p>Im Alter von 30 Jahren ging es zur\u00fcck nach Deutschland und aus dem Hobby wurde mehr, das erste eigene Tonstudio, die T\u00e4tigkeit als Produzent, immer noch neben dem eigentlichen Beruf.<\/p><p>Im Jahr 2000 dann ein gro\u00dfer Schritt nach vorne &#8211; als Produzent und Musiker leitete er das Casting f\u00fcr die erste Party Band \u201eFrame\u201c f\u00fcr das Clubschiff AIDA CARA. Es folgten weitere Schiffe, die ebenfalls Bands ben\u00f6tigten, AIDA VITA, AIDA AURA usw.<\/p><p>2005 dann der n\u00e4chste gro\u00dfe Schritt: Santana hatte gerade ein fulminantes Comeback hingelegt und es bestand der Bedarf nach einer professionellen Santana Tribute Band.<\/p><p>Im Ergebnis gr\u00fcndete er die Band SANTANA NUEVO. Diese Band tourte \u00fcber viele Jahre in Deutschland, \u00d6sterreich und der Schweiz.<\/p><p>Nach einem mehrj\u00e4hrigen Aufenthalt auf Mallorca, wo er seine Band Groove Corporation und weitere Projekte weiterverfolgt hat, hat Udo Amend seinen Wohnsitz inzwischen in die Schweiz verlegt, um seine Erfahrungen im Finanz- und Kryptobereich f\u00fcr neuartige Finanzprodukte zu nutzen. Als Professor ehrenhalber teilt er sein Wissen au\u00dferdem an einer Schweizer Hochschule.<\/p>\t\t\t\t\t\t\t\t<\/div>\n\t\t\t\t<\/div>\n\t\t\t\t\t<\/div>\n\t\t<\/div>\n\t\t\t\t\t<\/div>\n\t\t<\/section>\n\t\t\t\t<\/div>\n\t\t","protected":false},"excerpt":{"rendered":"<p>Groove Corporation Alles begann im Fr\u00fchjahr 2020 kurz nach dem Lockdown in Mallorca. Der deutsche Gitarrist und Musik-Produzent Prof. Dr. Udo Amend verlegte seine vielf\u00e4ltigen musikalischen T\u00e4tigkeiten von Deutschland nach Mallorca. Anfang Januar 2021 wurde schlie\u00dflich das neue Tonstudio von Udo Amend fertiggestellt. Das Tonstudio verf\u00fcgt \u00fcber die modernste Technologie der Tontechnik. Es befindet sich [&hellip;]<\/p>\n","protected":false},"author":1,"featured_media":0,"parent":0,"menu_order":9,"comment_status":"closed","ping_status":"closed","template":"","meta":{"footnotes":""},"class_list":["post-567","page","type-page","status-publish","hentry"],"yoast_head":"<!-- This site is optimized with the Yoast SEO plugin v27.2 - https:\/\/yoast.com\/product\/yoast-seo-wordpress\/ -->\n<title>\u00dcber uns &#8902; Groove Corporation<\/title>\n<meta name=\"robots\" content=\"index, follow, max-snippet:-1, max-image-preview:large, max-video-preview:-1\" \/>\n<link rel=\"canonical\" href=\"https:\/\/www.groove-corporation.de\/de\/ueber-uns\/\" \/>\n<meta property=\"og:locale\" content=\"de_DE\" \/>\n<meta property=\"og:type\" content=\"article\" \/>\n<meta property=\"og:title\" content=\"\u00dcber uns &#8902; Groove Corporation\" \/>\n<meta property=\"og:description\" content=\"Groove Corporation Alles begann im Fr\u00fchjahr 2020 kurz nach dem Lockdown in Mallorca. Der deutsche Gitarrist und Musik-Produzent Prof. Dr. Udo Amend verlegte seine vielf\u00e4ltigen musikalischen T\u00e4tigkeiten von Deutschland nach Mallorca. Anfang Januar 2021 wurde schlie\u00dflich das neue Tonstudio von Udo Amend fertiggestellt. Das Tonstudio verf\u00fcgt \u00fcber die modernste Technologie der Tontechnik. Es befindet sich [&hellip;]\" \/>\n<meta property=\"og:url\" content=\"https:\/\/www.groove-corporation.de\/de\/ueber-uns\/\" \/>\n<meta property=\"og:site_name\" content=\"Groove Corporation\" \/>\n<meta property=\"article:modified_time\" content=\"2025-03-07T14:59:11+00:00\" \/>\n<meta property=\"og:image\" content=\"https:\/\/www.groove-corporation.de\/wp-content\/uploads\/2021\/01\/Udo-Amend-8.jpg\" \/>\n\t<meta property=\"og:image:width\" content=\"1920\" \/>\n\t<meta property=\"og:image:height\" content=\"2400\" \/>\n\t<meta property=\"og:image:type\" content=\"image\/jpeg\" \/>\n<meta name=\"twitter:card\" content=\"summary_large_image\" \/>\n<meta name=\"twitter:label1\" content=\"Gesch\u00e4tzte Lesezeit\" \/>\n\t<meta name=\"twitter:data1\" content=\"3\u00a0Minuten\" \/>\n<script type=\"application\/ld+json\" class=\"yoast-schema-graph\">{\"@context\":\"https:\/\/schema.org\",\"@graph\":[{\"@type\":\"WebPage\",\"@id\":\"https:\/\/www.groove-corporation.de\/de\/ueber-uns\/\",\"url\":\"https:\/\/www.groove-corporation.de\/de\/ueber-uns\/\",\"name\":\"\u00dcber uns &#8902; Groove Corporation\",\"isPartOf\":{\"@id\":\"https:\/\/www.groove-corporation.de\/de\/#website\"},\"primaryImageOfPage\":{\"@id\":\"https:\/\/www.groove-corporation.de\/de\/ueber-uns\/#primaryimage\"},\"image\":{\"@id\":\"https:\/\/www.groove-corporation.de\/de\/ueber-uns\/#primaryimage\"},\"thumbnailUrl\":\"https:\/\/www.groove-corporation.de\/wp-content\/uploads\/2021\/01\/Udo-Amend-8-864x1080.jpg\",\"datePublished\":\"2021-01-16T10:21:04+00:00\",\"dateModified\":\"2025-03-07T14:59:11+00:00\",\"breadcrumb\":{\"@id\":\"https:\/\/www.groove-corporation.de\/de\/ueber-uns\/#breadcrumb\"},\"inLanguage\":\"de\",\"potentialAction\":[{\"@type\":\"ReadAction\",\"target\":[\"https:\/\/www.groove-corporation.de\/de\/ueber-uns\/\"]}]},{\"@type\":\"ImageObject\",\"inLanguage\":\"de\",\"@id\":\"https:\/\/www.groove-corporation.de\/de\/ueber-uns\/#primaryimage\",\"url\":\"https:\/\/www.groove-corporation.de\/wp-content\/uploads\/2021\/01\/Udo-Amend-8-864x1080.jpg\",\"contentUrl\":\"https:\/\/www.groove-corporation.de\/wp-content\/uploads\/2021\/01\/Udo-Amend-8-864x1080.jpg\"},{\"@type\":\"BreadcrumbList\",\"@id\":\"https:\/\/www.groove-corporation.de\/de\/ueber-uns\/#breadcrumb\",\"itemListElement\":[{\"@type\":\"ListItem\",\"position\":1,\"name\":\"Startseite\",\"item\":\"https:\/\/www.groove-corporation.de\/de\/\"},{\"@type\":\"ListItem\",\"position\":2,\"name\":\"\u00dcber uns\"}]},{\"@type\":\"WebSite\",\"@id\":\"https:\/\/www.groove-corporation.de\/de\/#website\",\"url\":\"https:\/\/www.groove-corporation.de\/de\/\",\"name\":\"Groove Corporation\",\"description\":\"\",\"publisher\":{\"@id\":\"https:\/\/www.groove-corporation.de\/de\/#organization\"},\"potentialAction\":[{\"@type\":\"SearchAction\",\"target\":{\"@type\":\"EntryPoint\",\"urlTemplate\":\"https:\/\/www.groove-corporation.de\/de\/?s={search_term_string}\"},\"query-input\":{\"@type\":\"PropertyValueSpecification\",\"valueRequired\":true,\"valueName\":\"search_term_string\"}}],\"inLanguage\":\"de\"},{\"@type\":\"Organization\",\"@id\":\"https:\/\/www.groove-corporation.de\/de\/#organization\",\"name\":\"Groove Corportion\",\"url\":\"https:\/\/www.groove-corporation.de\/de\/\",\"logo\":{\"@type\":\"ImageObject\",\"inLanguage\":\"de\",\"@id\":\"https:\/\/www.groove-corporation.de\/de\/#\/schema\/logo\/image\/\",\"url\":\"https:\/\/www.groove-corporation.de\/wp-content\/uploads\/2020\/12\/Groove-Corporation-Logo.png\",\"contentUrl\":\"https:\/\/www.groove-corporation.de\/wp-content\/uploads\/2020\/12\/Groove-Corporation-Logo.png\",\"width\":1432,\"height\":600,\"caption\":\"Groove Corportion\"},\"image\":{\"@id\":\"https:\/\/www.groove-corporation.de\/de\/#\/schema\/logo\/image\/\"}}]}<\/script>\n<!-- \/ Yoast SEO plugin. -->","yoast_head_json":{"title":"\u00dcber uns &#8902; Groove Corporation","robots":{"index":"index","follow":"follow","max-snippet":"max-snippet:-1","max-image-preview":"max-image-preview:large","max-video-preview":"max-video-preview:-1"},"canonical":"https:\/\/www.groove-corporation.de\/de\/ueber-uns\/","og_locale":"de_DE","og_type":"article","og_title":"\u00dcber uns &#8902; Groove Corporation","og_description":"Groove Corporation Alles begann im Fr\u00fchjahr 2020 kurz nach dem Lockdown in Mallorca. Der deutsche Gitarrist und Musik-Produzent Prof. Dr. Udo Amend verlegte seine vielf\u00e4ltigen musikalischen T\u00e4tigkeiten von Deutschland nach Mallorca. Anfang Januar 2021 wurde schlie\u00dflich das neue Tonstudio von Udo Amend fertiggestellt. Das Tonstudio verf\u00fcgt \u00fcber die modernste Technologie der Tontechnik. Es befindet sich [&hellip;]","og_url":"https:\/\/www.groove-corporation.de\/de\/ueber-uns\/","og_site_name":"Groove Corporation","article_modified_time":"2025-03-07T14:59:11+00:00","og_image":[{"width":1920,"height":2400,"url":"https:\/\/www.groove-corporation.de\/wp-content\/uploads\/2021\/01\/Udo-Amend-8.jpg","type":"image\/jpeg"}],"twitter_card":"summary_large_image","twitter_misc":{"Gesch\u00e4tzte Lesezeit":"3\u00a0Minuten"},"schema":{"@context":"https:\/\/schema.org","@graph":[{"@type":"WebPage","@id":"https:\/\/www.groove-corporation.de\/de\/ueber-uns\/","url":"https:\/\/www.groove-corporation.de\/de\/ueber-uns\/","name":"\u00dcber uns &#8902; Groove Corporation","isPartOf":{"@id":"https:\/\/www.groove-corporation.de\/de\/#website"},"primaryImageOfPage":{"@id":"https:\/\/www.groove-corporation.de\/de\/ueber-uns\/#primaryimage"},"image":{"@id":"https:\/\/www.groove-corporation.de\/de\/ueber-uns\/#primaryimage"},"thumbnailUrl":"https:\/\/www.groove-corporation.de\/wp-content\/uploads\/2021\/01\/Udo-Amend-8-864x1080.jpg","datePublished":"2021-01-16T10:21:04+00:00","dateModified":"2025-03-07T14:59:11+00:00","breadcrumb":{"@id":"https:\/\/www.groove-corporation.de\/de\/ueber-uns\/#breadcrumb"},"inLanguage":"de","potentialAction":[{"@type":"ReadAction","target":["https:\/\/www.groove-corporation.de\/de\/ueber-uns\/"]}]},{"@type":"ImageObject","inLanguage":"de","@id":"https:\/\/www.groove-corporation.de\/de\/ueber-uns\/#primaryimage","url":"https:\/\/www.groove-corporation.de\/wp-content\/uploads\/2021\/01\/Udo-Amend-8-864x1080.jpg","contentUrl":"https:\/\/www.groove-corporation.de\/wp-content\/uploads\/2021\/01\/Udo-Amend-8-864x1080.jpg"},{"@type":"BreadcrumbList","@id":"https:\/\/www.groove-corporation.de\/de\/ueber-uns\/#breadcrumb","itemListElement":[{"@type":"ListItem","position":1,"name":"Startseite","item":"https:\/\/www.groove-corporation.de\/de\/"},{"@type":"ListItem","position":2,"name":"\u00dcber uns"}]},{"@type":"WebSite","@id":"https:\/\/www.groove-corporation.de\/de\/#website","url":"https:\/\/www.groove-corporation.de\/de\/","name":"Groove Corporation","description":"","publisher":{"@id":"https:\/\/www.groove-corporation.de\/de\/#organization"},"potentialAction":[{"@type":"SearchAction","target":{"@type":"EntryPoint","urlTemplate":"https:\/\/www.groove-corporation.de\/de\/?s={search_term_string}"},"query-input":{"@type":"PropertyValueSpecification","valueRequired":true,"valueName":"search_term_string"}}],"inLanguage":"de"},{"@type":"Organization","@id":"https:\/\/www.groove-corporation.de\/de\/#organization","name":"Groove Corportion","url":"https:\/\/www.groove-corporation.de\/de\/","logo":{"@type":"ImageObject","inLanguage":"de","@id":"https:\/\/www.groove-corporation.de\/de\/#\/schema\/logo\/image\/","url":"https:\/\/www.groove-corporation.de\/wp-content\/uploads\/2020\/12\/Groove-Corporation-Logo.png","contentUrl":"https:\/\/www.groove-corporation.de\/wp-content\/uploads\/2020\/12\/Groove-Corporation-Logo.png","width":1432,"height":600,"caption":"Groove Corportion"},"image":{"@id":"https:\/\/www.groove-corporation.de\/de\/#\/schema\/logo\/image\/"}}]}},"_links":{"self":[{"href":"https:\/\/www.groove-corporation.de\/de\/wp-json\/wp\/v2\/pages\/567","targetHints":{"allow":["GET"]}}],"collection":[{"href":"https:\/\/www.groove-corporation.de\/de\/wp-json\/wp\/v2\/pages"}],"about":[{"href":"https:\/\/www.groove-corporation.de\/de\/wp-json\/wp\/v2\/types\/page"}],"author":[{"embeddable":true,"href":"https:\/\/www.groove-corporation.de\/de\/wp-json\/wp\/v2\/users\/1"}],"replies":[{"embeddable":true,"href":"https:\/\/www.groove-corporation.de\/de\/wp-json\/wp\/v2\/comments?post=567"}],"version-history":[{"count":66,"href":"https:\/\/www.groove-corporation.de\/de\/wp-json\/wp\/v2\/pages\/567\/revisions"}],"predecessor-version":[{"id":4534,"href":"https:\/\/www.groove-corporation.de\/de\/wp-json\/wp\/v2\/pages\/567\/revisions\/4534"}],"wp:attachment":[{"href":"https:\/\/www.groove-corporation.de\/de\/wp-json\/wp\/v2\/media?parent=567"}],"curies":[{"name":"wp","href":"https:\/\/api.w.org\/{rel}","templated":true}]}}